{"id":609,"date":"2022-03-23T19:17:59","date_gmt":"2022-03-23T18:17:59","guid":{"rendered":"http:\/\/www.flexistore.no\/?page_id=609"},"modified":"2023-07-10T18:35:33","modified_gmt":"2023-07-10T17:35:33","slug":"news","status":"publish","type":"page","link":"https:\/\/www.flexistore.no\/en\/nyheter\/","title":{"rendered":"News"},"content":{"rendered":"<div data-elementor-type=\"wp-page\" data-elementor-id=\"609\" class=\"elementor elementor-609\" data-elementor-post-type=\"page\">\n\t\t\t\t\t\t<section class=\"elementor-section elementor-top-section elementor-element elementor-element-273b069 elementor-section-boxed elementor-section-height-default elementor-section-height-default\" data-id=\"273b069\" data-element_type=\"section\" data-e-type=\"section\" data-settings=\"{&quot;background_background&quot;:&quot;classic&quot;}\">\n\t\t\t\t\t\t<div class=\"elementor-container elementor-column-gap-default\">\n\t\t\t\t\t<div class=\"elementor-column elementor-col-50 elementor-top-column elementor-element elementor-element-f1153d0\" data-id=\"f1153d0\" data-element_type=\"column\" data-e-type=\"column\">\n\t\t\t<div class=\"elementor-widget-wrap elementor-element-populated\">\n\t\t\t\t\t\t<div class=\"elementor-element elementor-element-26779fe elementor-invisible elementor-widget elementor-widget-heading\" data-id=\"26779fe\" data-element_type=\"widget\" data-e-type=\"widget\" data-settings=\"{&quot;_animation&quot;:&quot;fadeInUp&quot;}\" data-widget_type=\"heading.default\">\n\t\t\t\t<div class=\"elementor-widget-container\">\n\t\t\t\t\t<h1 class=\"elementor-heading-title elementor-size-default\">News<\/h1>\t\t\t\t<\/div>\n\t\t\t\t<\/div>\n\t\t\t\t<div class=\"elementor-element elementor-element-b512fac elementor-widget elementor-widget-text-editor\" data-id=\"b512fac\" data-element_type=\"widget\" data-e-type=\"widget\" data-widget_type=\"text-editor.default\">\n\t\t\t\t<div class=\"elementor-widget-container\">\n\t\t\t\t\t\t\t\t\t<p>Stay up to date here for news about Norway's most modern self storage | Flexistore<\/p>\t\t\t\t\t\t\t\t<\/div>\n\t\t\t\t<\/div>\n\t\t\t\t\t<\/div>\n\t\t<\/div>\n\t\t\t\t<div class=\"elementor-column elementor-col-50 elementor-top-column elementor-element elementor-element-769321c\" data-id=\"769321c\" data-element_type=\"column\" data-e-type=\"column\">\n\t\t\t<div class=\"elementor-widget-wrap\">\n\t\t\t\t\t\t\t<\/div>\n\t\t<\/div>\n\t\t\t\t\t<\/div>\n\t\t<\/section>\n\t\t\t\t<section class=\"elementor-section elementor-top-section elementor-element elementor-element-1332877 elementor-section-boxed elementor-section-height-default elementor-section-height-default\" data-id=\"1332877\" data-element_type=\"section\" data-e-type=\"section\">\n\t\t\t\t\t\t<div class=\"elementor-container elementor-column-gap-default\">\n\t\t\t\t\t<div class=\"elementor-column elementor-col-100 elementor-top-column elementor-element elementor-element-0d8f181\" data-id=\"0d8f181\" data-element_type=\"column\" data-e-type=\"column\">\n\t\t\t<div class=\"elementor-widget-wrap elementor-element-populated\">\n\t\t\t\t\t\t<div class=\"elementor-element elementor-element-8952bd2 elementor-posts--align-center elementor-grid-3 elementor-grid-tablet-2 elementor-grid-mobile-1 elementor-posts--thumbnail-top elementor-card-shadow-yes elementor-posts__hover-gradient elementor-widget elementor-widget-posts\" data-id=\"8952bd2\" data-element_type=\"widget\" data-e-type=\"widget\" data-settings=\"{&quot;cards_columns&quot;:&quot;3&quot;,&quot;cards_columns_tablet&quot;:&quot;2&quot;,&quot;cards_columns_mobile&quot;:&quot;1&quot;,&quot;cards_row_gap&quot;:{&quot;unit&quot;:&quot;px&quot;,&quot;size&quot;:35,&quot;sizes&quot;:[]},&quot;cards_row_gap_tablet&quot;:{&quot;unit&quot;:&quot;px&quot;,&quot;size&quot;:&quot;&quot;,&quot;sizes&quot;:[]},&quot;cards_row_gap_mobile&quot;:{&quot;unit&quot;:&quot;px&quot;,&quot;size&quot;:&quot;&quot;,&quot;sizes&quot;:[]}}\" data-widget_type=\"posts.cards\">\n\t\t\t\t<div class=\"elementor-widget-container\">\n\t\t\t\t\t\t\t<div class=\"elementor-posts-container elementor-posts elementor-posts--skin-cards elementor-grid\" role=\"list\">\n\t\t\t\t<article class=\"elementor-post elementor-grid-item post-5361 post type-post status-publish format-standard has-post-thumbnail hentry category-nyheter tag-billig-lager tag-bod tag-enkelt tag-eventyr tag-flexistore tag-innendors-lager tag-lager-naer-meg tag-lager-pris tag-lagerplass tag-lagring tag-leie-lager tag-leie-leger-pris tag-minilager-oslo tag-minilagring tag-reise tag-self-storage tag-siv-hartad\" role=\"listitem\">\n\t\t\t<div class=\"elementor-post__card\">\n\t\t\t\t<a class=\"elementor-post__thumbnail__link\" href=\"https:\/\/www.flexistore.no\/en\/nyheter\/flexistore-tilrettelegger-for-eventyr-siv-harstads-spennende-reise-mot-nye-hoyder\/\" tabindex=\"-1\"><div class=\"elementor-post__thumbnail\"><img fetchpriority=\"high\" decoding=\"async\" width=\"300\" height=\"263\" src=\"https:\/\/www.flexistore.no\/wp-content\/uploads\/2024\/04\/IMG_4591-scaled-e1713965503937-300x263.jpg\" class=\"attachment-medium size-medium wp-image-5398\" alt=\"\" srcset=\"https:\/\/www.flexistore.no\/wp-content\/uploads\/2024\/04\/IMG_4591-scaled-e1713965503937-300x263.jpg 300w, https:\/\/www.flexistore.no\/wp-content\/uploads\/2024\/04\/IMG_4591-scaled-e1713965503937-1024x897.jpg 1024w, https:\/\/www.flexistore.no\/wp-content\/uploads\/2024\/04\/IMG_4591-scaled-e1713965503937-768x672.jpg 768w, https:\/\/www.flexistore.no\/wp-content\/uploads\/2024\/04\/IMG_4591-scaled-e1713965503937-1536x1345.jpg 1536w, https:\/\/www.flexistore.no\/wp-content\/uploads\/2024\/04\/IMG_4591-scaled-e1713965503937-14x12.jpg 14w, https:\/\/www.flexistore.no\/wp-content\/uploads\/2024\/04\/IMG_4591-scaled-e1713965503937.jpg 1920w\" sizes=\"(max-width: 300px) 100vw, 300px\" \/><\/div><\/a>\n\t\t\t\t<div class=\"elementor-post__text\">\n\t\t\t\t<h3 class=\"elementor-post__title\">\n\t\t\t<a href=\"https:\/\/www.flexistore.no\/en\/nyheter\/flexistore-tilrettelegger-for-eventyr-siv-harstads-spennende-reise-mot-nye-hoyder\/\">\n\t\t\t\tFlexistore Facilitator for Adventure: Siv Harstad&#039;s exciting journey to new heights\t\t\t<\/a>\n\t\t<\/h3>\n\t\t\t\t<div class=\"elementor-post__excerpt\">\n\t\t\t<p>Flexistore is proud to support Siv Harstad, an exceptional adventurer and motivator. Flexistore helps Siv and other travelers by facilitating a life<\/p>\n\t\t<\/div>\n\t\t\n\t\t<a class=\"elementor-post__read-more\" href=\"https:\/\/www.flexistore.no\/en\/nyheter\/flexistore-tilrettelegger-for-eventyr-siv-harstads-spennende-reise-mot-nye-hoyder\/\" aria-label=\"Read more about Flexistore Facilitator for Adventure: Siv Harstad&#039;s exciting journey to new heights\" tabindex=\"-1\">\n\t\t\tread more\t\t<\/a>\n\n\t\t\t\t<\/div>\n\t\t\t\t\t<\/div>\n\t\t<\/article>\n\t\t\t\t<article class=\"elementor-post elementor-grid-item post-5265 post type-post status-publish format-standard has-post-thumbnail hentry category-nyheter tag-alpint tag-bedre-plass tag-enkelt tag-flexistore tag-johs-herland tag-junior-vm tag-lager tag-lagerplass tag-lagringsplass tag-leie-lager tag-minilager tag-personal-self-storage tag-self-storage tag-trenger\" role=\"listitem\">\n\t\t\t<div class=\"elementor-post__card\">\n\t\t\t\t<a class=\"elementor-post__thumbnail__link\" href=\"https:\/\/www.flexistore.no\/en\/nyheter\/toppresultater-og-lysende-fremtid-flexistores-stotte-til-alpinisten-johs-herland\/\" tabindex=\"-1\"><div class=\"elementor-post__thumbnail\"><img decoding=\"async\" width=\"300\" height=\"205\" src=\"https:\/\/www.flexistore.no\/wp-content\/uploads\/2024\/02\/image3-scaled-e1709196610951-300x205.jpeg\" class=\"attachment-medium size-medium wp-image-5266\" alt=\"\" srcset=\"https:\/\/www.flexistore.no\/wp-content\/uploads\/2024\/02\/image3-scaled-e1709196610951-300x205.jpeg 300w, https:\/\/www.flexistore.no\/wp-content\/uploads\/2024\/02\/image3-scaled-e1709196610951-1024x701.jpeg 1024w, https:\/\/www.flexistore.no\/wp-content\/uploads\/2024\/02\/image3-scaled-e1709196610951-768x526.jpeg 768w, https:\/\/www.flexistore.no\/wp-content\/uploads\/2024\/02\/image3-scaled-e1709196610951-1536x1051.jpeg 1536w, https:\/\/www.flexistore.no\/wp-content\/uploads\/2024\/02\/image3-scaled-e1709196610951-18x12.jpeg 18w, https:\/\/www.flexistore.no\/wp-content\/uploads\/2024\/02\/image3-scaled-e1709196610951.jpeg 1920w\" sizes=\"(max-width: 300px) 100vw, 300px\" \/><\/div><\/a>\n\t\t\t\t<div class=\"elementor-post__text\">\n\t\t\t\t<h3 class=\"elementor-post__title\">\n\t\t\t<a href=\"https:\/\/www.flexistore.no\/en\/nyheter\/toppresultater-og-lysende-fremtid-flexistores-stotte-til-alpinisten-johs-herland\/\">\n\t\t\t\tTop results and a bright future: Flexistore&#039;s support for Alpinist Johs Herland\t\t\t<\/a>\n\t\t<\/h3>\n\t\t\t\t<div class=\"elementor-post__excerpt\">\n\t\t\t<p>Flexistore is proud to have sponsored the talented alpinist Johs Herland for the past two years. Despite his young age at<\/p>\n\t\t<\/div>\n\t\t\n\t\t<a class=\"elementor-post__read-more\" href=\"https:\/\/www.flexistore.no\/en\/nyheter\/toppresultater-og-lysende-fremtid-flexistores-stotte-til-alpinisten-johs-herland\/\" aria-label=\"Read more about Top results and a bright future: Flexistore&#039;s support for Alpinist Johs Herland\" tabindex=\"-1\">\n\t\t\tread more\t\t<\/a>\n\n\t\t\t\t<\/div>\n\t\t\t\t\t<\/div>\n\t\t<\/article>\n\t\t\t\t<article class=\"elementor-post elementor-grid-item post-1951 post type-post status-publish format-standard has-post-thumbnail hentry category-nyheter\" role=\"listitem\">\n\t\t\t<div class=\"elementor-post__card\">\n\t\t\t\t<a class=\"elementor-post__thumbnail__link\" href=\"https:\/\/www.flexistore.no\/en\/nyheter\/flexistore-stilte-sterkt-i-konkurranse-om-baerekraft-under-mipim\/\" tabindex=\"-1\"><div class=\"elementor-post__thumbnail\"><img decoding=\"async\" width=\"300\" height=\"200\" src=\"https:\/\/www.flexistore.no\/wp-content\/uploads\/2022\/04\/6244279b2a89eeccb2b1bd40_flexistore.baerekraft.MIPIM_.landscape.m-300x200.jpg\" class=\"attachment-medium size-medium wp-image-1952\" alt=\"\" srcset=\"https:\/\/www.flexistore.no\/wp-content\/uploads\/2022\/04\/6244279b2a89eeccb2b1bd40_flexistore.baerekraft.MIPIM_.landscape.m-300x200.jpg 300w, https:\/\/www.flexistore.no\/wp-content\/uploads\/2022\/04\/6244279b2a89eeccb2b1bd40_flexistore.baerekraft.MIPIM_.landscape.m-1024x683.jpg 1024w, https:\/\/www.flexistore.no\/wp-content\/uploads\/2022\/04\/6244279b2a89eeccb2b1bd40_flexistore.baerekraft.MIPIM_.landscape.m-768x512.jpg 768w, https:\/\/www.flexistore.no\/wp-content\/uploads\/2022\/04\/6244279b2a89eeccb2b1bd40_flexistore.baerekraft.MIPIM_.landscape.m-1536x1024.jpg 1536w, https:\/\/www.flexistore.no\/wp-content\/uploads\/2022\/04\/6244279b2a89eeccb2b1bd40_flexistore.baerekraft.MIPIM_.landscape.m-18x12.jpg 18w, https:\/\/www.flexistore.no\/wp-content\/uploads\/2022\/04\/6244279b2a89eeccb2b1bd40_flexistore.baerekraft.MIPIM_.landscape.m.jpg 1773w\" sizes=\"(max-width: 300px) 100vw, 300px\" \/><\/div><\/a>\n\t\t\t\t<div class=\"elementor-post__text\">\n\t\t\t\t<h3 class=\"elementor-post__title\">\n\t\t\t<a href=\"https:\/\/www.flexistore.no\/en\/nyheter\/flexistore-stilte-sterkt-i-konkurranse-om-baerekraft-under-mipim\/\">\n\t\t\t\tFlexistore was strong in MIPIM&#039;s sustainability competition\t\t\t<\/a>\n\t\t<\/h3>\n\t\t\t\t<div class=\"elementor-post__excerpt\">\n\t\t\t<p>Flexistore has one overriding goal - namely to be the country's most modern and environmentally friendly self storage solution We at Flexistore are proud to announce that we took<\/p>\n\t\t<\/div>\n\t\t\n\t\t<a class=\"elementor-post__read-more\" href=\"https:\/\/www.flexistore.no\/en\/nyheter\/flexistore-stilte-sterkt-i-konkurranse-om-baerekraft-under-mipim\/\" aria-label=\"Read more about Flexistore made a strong showing in MIPIM&#039;s sustainability competition\" tabindex=\"-1\">\n\t\t\tread more\t\t<\/a>\n\n\t\t\t\t<\/div>\n\t\t\t\t\t<\/div>\n\t\t<\/article>\n\t\t\t\t<article class=\"elementor-post elementor-grid-item post-980 post type-post status-publish format-standard has-post-thumbnail hentry category-nyheter\" role=\"listitem\">\n\t\t\t<div class=\"elementor-post__card\">\n\t\t\t\t<a class=\"elementor-post__thumbnail__link\" href=\"https:\/\/www.flexistore.no\/en\/nyheter\/hyresamarbeid\/\" tabindex=\"-1\"><div class=\"elementor-post__thumbnail\"><img loading=\"lazy\" decoding=\"async\" width=\"300\" height=\"200\" src=\"https:\/\/www.flexistore.no\/wp-content\/uploads\/2022\/03\/60363c3120c4767bb010d1a3_flexistore.hyre_.bilde_-300x200.jpg\" class=\"attachment-medium size-medium wp-image-982\" alt=\"Flexistore enters into a partnership with Hyre\" srcset=\"https:\/\/www.flexistore.no\/wp-content\/uploads\/2022\/03\/60363c3120c4767bb010d1a3_flexistore.hyre_.bilde_-300x200.jpg 300w, https:\/\/www.flexistore.no\/wp-content\/uploads\/2022\/03\/60363c3120c4767bb010d1a3_flexistore.hyre_.bilde_-1024x682.jpg 1024w, https:\/\/www.flexistore.no\/wp-content\/uploads\/2022\/03\/60363c3120c4767bb010d1a3_flexistore.hyre_.bilde_-768x512.jpg 768w, https:\/\/www.flexistore.no\/wp-content\/uploads\/2022\/03\/60363c3120c4767bb010d1a3_flexistore.hyre_.bilde_-1536x1023.jpg 1536w, https:\/\/www.flexistore.no\/wp-content\/uploads\/2022\/03\/60363c3120c4767bb010d1a3_flexistore.hyre_.bilde_.jpg 1732w\" sizes=\"(max-width: 300px) 100vw, 300px\" \/><\/div><\/a>\n\t\t\t\t<div class=\"elementor-post__text\">\n\t\t\t\t<h3 class=\"elementor-post__title\">\n\t\t\t<a href=\"https:\/\/www.flexistore.no\/en\/nyheter\/hyresamarbeid\/\">\n\t\t\t\tFlexistore enters into a partnership with Hyre\t\t\t<\/a>\n\t\t<\/h3>\n\t\t\t\t<div class=\"elementor-post__excerpt\">\n\t\t\t<p>Now you can arrange both the rental car and self storage directly in the app! From rental car to self storage - everything in the app \u200d Flexistore has entered into a partnership<\/p>\n\t\t<\/div>\n\t\t\n\t\t<a class=\"elementor-post__read-more\" href=\"https:\/\/www.flexistore.no\/en\/nyheter\/hyresamarbeid\/\" aria-label=\"Read more about Flexistore enters into collaboration with Hyre\" tabindex=\"-1\">\n\t\t\tread more\t\t<\/a>\n\n\t\t\t\t<\/div>\n\t\t\t\t\t<\/div>\n\t\t<\/article>\n\t\t\t\t<article class=\"elementor-post elementor-grid-item post-968 post type-post status-publish format-standard has-post-thumbnail hentry category-nyheter\" role=\"listitem\">\n\t\t\t<div class=\"elementor-post__card\">\n\t\t\t\t<a class=\"elementor-post__thumbnail__link\" href=\"https:\/\/www.flexistore.no\/en\/nyheter\/apner-smoremaskin-i-gamle-oslo\/\" tabindex=\"-1\"><div class=\"elementor-post__thumbnail\"><img loading=\"lazy\" decoding=\"async\" width=\"300\" height=\"200\" src=\"https:\/\/www.flexistore.no\/wp-content\/uploads\/2022\/03\/5fdb5b6d57cb036d4b7d888d_smoremaskin.gamle_.oslo_.m-300x200.jpg\" class=\"attachment-medium size-medium wp-image-970\" alt=\"apner-smoremaskin-i-gamle-oslo\" srcset=\"https:\/\/www.flexistore.no\/wp-content\/uploads\/2022\/03\/5fdb5b6d57cb036d4b7d888d_smoremaskin.gamle_.oslo_.m-300x200.jpg 300w, https:\/\/www.flexistore.no\/wp-content\/uploads\/2022\/03\/5fdb5b6d57cb036d4b7d888d_smoremaskin.gamle_.oslo_.m-1024x684.jpg 1024w, https:\/\/www.flexistore.no\/wp-content\/uploads\/2022\/03\/5fdb5b6d57cb036d4b7d888d_smoremaskin.gamle_.oslo_.m-768x513.jpg 768w, https:\/\/www.flexistore.no\/wp-content\/uploads\/2022\/03\/5fdb5b6d57cb036d4b7d888d_smoremaskin.gamle_.oslo_.m-1536x1025.jpg 1536w, https:\/\/www.flexistore.no\/wp-content\/uploads\/2022\/03\/5fdb5b6d57cb036d4b7d888d_smoremaskin.gamle_.oslo_.m.jpg 1730w\" sizes=\"(max-width: 300px) 100vw, 300px\" \/><\/div><\/a>\n\t\t\t\t<div class=\"elementor-post__text\">\n\t\t\t\t<h3 class=\"elementor-post__title\">\n\t\t\t<a href=\"https:\/\/www.flexistore.no\/en\/nyheter\/apner-smoremaskin-i-gamle-oslo\/\">\n\t\t\t\tOpens ski-wax machine in Gamle Oslo\t\t\t<\/a>\n\t\t<\/h3>\n\t\t\t\t<div class=\"elementor-post__excerpt\">\n\t\t\t<p>This year's ski season is underway - and at Flexistore we are ringing in Christmas with a Christmas present for you at our department Gamle Oslo With stable<\/p>\n\t\t<\/div>\n\t\t\n\t\t<a class=\"elementor-post__read-more\" href=\"https:\/\/www.flexistore.no\/en\/nyheter\/apner-smoremaskin-i-gamle-oslo\/\" aria-label=\"Read more about Opening a grease machine in Old Oslo\" tabindex=\"-1\">\n\t\t\tread more\t\t<\/a>\n\n\t\t\t\t<\/div>\n\t\t\t\t\t<\/div>\n\t\t<\/article>\n\t\t\t\t<article class=\"elementor-post elementor-grid-item post-964 post type-post status-publish format-standard has-post-thumbnail hentry category-nyheter\" role=\"listitem\">\n\t\t\t<div class=\"elementor-post__card\">\n\t\t\t\t<a class=\"elementor-post__thumbnail__link\" href=\"https:\/\/www.flexistore.no\/en\/nyheter\/covid-stopper-ikke-minilagerbransjen\/\" tabindex=\"-1\"><div class=\"elementor-post__thumbnail\"><img loading=\"lazy\" decoding=\"async\" width=\"300\" height=\"200\" src=\"https:\/\/www.flexistore.no\/wp-content\/uploads\/2022\/03\/5fd7854e99e5d10eb256cf0b_Lev.mer_.med_.minilager.m-300x200.jpeg\" class=\"attachment-medium size-medium wp-image-967\" alt=\"\" srcset=\"https:\/\/www.flexistore.no\/wp-content\/uploads\/2022\/03\/5fd7854e99e5d10eb256cf0b_Lev.mer_.med_.minilager.m-300x200.jpeg 300w, https:\/\/www.flexistore.no\/wp-content\/uploads\/2022\/03\/5fd7854e99e5d10eb256cf0b_Lev.mer_.med_.minilager.m-1024x682.jpeg 1024w, https:\/\/www.flexistore.no\/wp-content\/uploads\/2022\/03\/5fd7854e99e5d10eb256cf0b_Lev.mer_.med_.minilager.m-768x512.jpeg 768w, https:\/\/www.flexistore.no\/wp-content\/uploads\/2022\/03\/5fd7854e99e5d10eb256cf0b_Lev.mer_.med_.minilager.m-1536x1023.jpeg 1536w, https:\/\/www.flexistore.no\/wp-content\/uploads\/2022\/03\/5fd7854e99e5d10eb256cf0b_Lev.mer_.med_.minilager.m.jpeg 1732w\" sizes=\"(max-width: 300px) 100vw, 300px\" \/><\/div><\/a>\n\t\t\t\t<div class=\"elementor-post__text\">\n\t\t\t\t<h3 class=\"elementor-post__title\">\n\t\t\t<a href=\"https:\/\/www.flexistore.no\/en\/nyheter\/covid-stopper-ikke-minilagerbransjen\/\">\n\t\t\t\tCOVID does not stop the self storage industry\t\t\t<\/a>\n\t\t<\/h3>\n\t\t\t\t<div class=\"elementor-post__excerpt\">\n\t\t\t<p>Flexistore plans to open 15 new facilities in the Nordic region over the next two years After completing a successful share issue of NOK 40m, led<\/p>\n\t\t<\/div>\n\t\t\n\t\t<a class=\"elementor-post__read-more\" href=\"https:\/\/www.flexistore.no\/en\/nyheter\/covid-stopper-ikke-minilagerbransjen\/\" aria-label=\"Read more about COVID won&#039;t stop the mini-warehouse industry\" tabindex=\"-1\">\n\t\t\tread more\t\t<\/a>\n\n\t\t\t\t<\/div>\n\t\t\t\t\t<\/div>\n\t\t<\/article>\n\t\t\t\t<article class=\"elementor-post elementor-grid-item post-955 post type-post status-publish format-standard has-post-thumbnail hentry category-nyheter\" role=\"listitem\">\n\t\t\t<div class=\"elementor-post__card\">\n\t\t\t\t<a class=\"elementor-post__thumbnail__link\" href=\"https:\/\/www.flexistore.no\/en\/nyheter\/flexistore-henter-40-millioner\/\" tabindex=\"-1\"><div class=\"elementor-post__thumbnail\"><img loading=\"lazy\" decoding=\"async\" width=\"300\" height=\"205\" src=\"https:\/\/www.flexistore.no\/wp-content\/uploads\/2022\/03\/Flexistore-henter-40-millioner-300x205.jpg\" class=\"attachment-medium size-medium wp-image-963\" alt=\"Flexistore raises 40 million\" srcset=\"https:\/\/www.flexistore.no\/wp-content\/uploads\/2022\/03\/Flexistore-henter-40-millioner-300x205.jpg 300w, https:\/\/www.flexistore.no\/wp-content\/uploads\/2022\/03\/Flexistore-henter-40-millioner-1024x699.jpg 1024w, https:\/\/www.flexistore.no\/wp-content\/uploads\/2022\/03\/Flexistore-henter-40-millioner-768x524.jpg 768w, https:\/\/www.flexistore.no\/wp-content\/uploads\/2022\/03\/Flexistore-henter-40-millioner-1536x1048.jpg 1536w, https:\/\/www.flexistore.no\/wp-content\/uploads\/2022\/03\/Flexistore-henter-40-millioner.jpg 2048w\" sizes=\"(max-width: 300px) 100vw, 300px\" \/><\/div><\/a>\n\t\t\t\t<div class=\"elementor-post__text\">\n\t\t\t\t<h3 class=\"elementor-post__title\">\n\t\t\t<a href=\"https:\/\/www.flexistore.no\/en\/nyheter\/flexistore-henter-40-millioner\/\">\n\t\t\t\tFlexistore raises 40 million\t\t\t<\/a>\n\t\t<\/h3>\n\t\t\t\t<div class=\"elementor-post__excerpt\">\n\t\t\t<p>Led by Br\u00f8drene Jensen and Mont Investor, Norway's most modern self storage raises NOK 40 million The Nordic region's most modern self storage company, Flexistore,<\/p>\n\t\t<\/div>\n\t\t\n\t\t<a class=\"elementor-post__read-more\" href=\"https:\/\/www.flexistore.no\/en\/nyheter\/flexistore-henter-40-millioner\/\" aria-label=\"Read more about Flexistore raises 40 million\" tabindex=\"-1\">\n\t\t\tread more\t\t<\/a>\n\n\t\t\t\t<\/div>\n\t\t\t\t\t<\/div>\n\t\t<\/article>\n\t\t\t\t<article class=\"elementor-post elementor-grid-item post-941 post type-post status-publish format-standard has-post-thumbnail hentry category-nyheter\" role=\"listitem\">\n\t\t\t<div class=\"elementor-post__card\">\n\t\t\t\t<a class=\"elementor-post__thumbnail__link\" href=\"https:\/\/www.flexistore.no\/en\/nyheter\/smittefrilagring\/\" tabindex=\"-1\"><div class=\"elementor-post__thumbnail\"><img loading=\"lazy\" decoding=\"async\" width=\"300\" height=\"200\" src=\"https:\/\/www.flexistore.no\/wp-content\/uploads\/2022\/03\/Ubemannet-og-smittefri-lagring-300x200.jpg\" class=\"attachment-medium size-medium wp-image-942\" alt=\"Unmanned and infection-free storage\" srcset=\"https:\/\/www.flexistore.no\/wp-content\/uploads\/2022\/03\/Ubemannet-og-smittefri-lagring-300x200.jpg 300w, https:\/\/www.flexistore.no\/wp-content\/uploads\/2022\/03\/Ubemannet-og-smittefri-lagring-1024x683.jpg 1024w, https:\/\/www.flexistore.no\/wp-content\/uploads\/2022\/03\/Ubemannet-og-smittefri-lagring-768x512.jpg 768w, https:\/\/www.flexistore.no\/wp-content\/uploads\/2022\/03\/Ubemannet-og-smittefri-lagring-1536x1024.jpg 1536w, https:\/\/www.flexistore.no\/wp-content\/uploads\/2022\/03\/Ubemannet-og-smittefri-lagring.jpg 1731w\" sizes=\"(max-width: 300px) 100vw, 300px\" \/><\/div><\/a>\n\t\t\t\t<div class=\"elementor-post__text\">\n\t\t\t\t<h3 class=\"elementor-post__title\">\n\t\t\t<a href=\"https:\/\/www.flexistore.no\/en\/nyheter\/smittefrilagring\/\">\n\t\t\t\tUnmanned and infection-free storage\t\t\t<\/a>\n\t\t<\/h3>\n\t\t\t\t<div class=\"elementor-post__excerpt\">\n\t\t\t<p>You do not have to leave home to store things at Flexistore App-controlled self storage means you can book a storage unit, and transport things to the self storage and have<\/p>\n\t\t<\/div>\n\t\t\n\t\t<a class=\"elementor-post__read-more\" href=\"https:\/\/www.flexistore.no\/en\/nyheter\/smittefrilagring\/\" aria-label=\"Read more about Unmanned and infection-free storage\" tabindex=\"-1\">\n\t\t\tread more\t\t<\/a>\n\n\t\t\t\t<\/div>\n\t\t\t\t\t<\/div>\n\t\t<\/article>\n\t\t\t\t<article class=\"elementor-post elementor-grid-item post-936 post type-post status-publish format-standard has-post-thumbnail hentry category-nyheter\" role=\"listitem\">\n\t\t\t<div class=\"elementor-post__card\">\n\t\t\t\t<a class=\"elementor-post__thumbnail__link\" href=\"https:\/\/www.flexistore.no\/en\/nyheter\/vare-tiltak-mot-covid-19-smitte\/\" tabindex=\"-1\"><div class=\"elementor-post__thumbnail\"><img loading=\"lazy\" decoding=\"async\" width=\"300\" height=\"200\" src=\"https:\/\/www.flexistore.no\/wp-content\/uploads\/2022\/03\/Vare-tiltak-mot-Covid-19-smitte-300x200.jpg\" class=\"attachment-medium size-medium wp-image-938\" alt=\"Our initiatives against Covid-19 infection\" srcset=\"https:\/\/www.flexistore.no\/wp-content\/uploads\/2022\/03\/Vare-tiltak-mot-Covid-19-smitte-300x200.jpg 300w, https:\/\/www.flexistore.no\/wp-content\/uploads\/2022\/03\/Vare-tiltak-mot-Covid-19-smitte.jpg 611w\" sizes=\"(max-width: 300px) 100vw, 300px\" \/><\/div><\/a>\n\t\t\t\t<div class=\"elementor-post__text\">\n\t\t\t\t<h3 class=\"elementor-post__title\">\n\t\t\t<a href=\"https:\/\/www.flexistore.no\/en\/nyheter\/vare-tiltak-mot-covid-19-smitte\/\">\n\t\t\t\tOur initiatives against Covid-19 infection\t\t\t<\/a>\n\t\t<\/h3>\n\t\t\t\t<div class=\"elementor-post__excerpt\">\n\t\t\t<p>Our storage facilities are open, but we need your help in preventing infection as best as possible. Our storage facilities are open, with initiatives to prevent<\/p>\n\t\t<\/div>\n\t\t\n\t\t<a class=\"elementor-post__read-more\" href=\"https:\/\/www.flexistore.no\/en\/nyheter\/vare-tiltak-mot-covid-19-smitte\/\" aria-label=\"Read more about Our measures against Covid-19 infection\" tabindex=\"-1\">\n\t\t\tread more\t\t<\/a>\n\n\t\t\t\t<\/div>\n\t\t\t\t\t<\/div>\n\t\t<\/article>\n\t\t\t\t<article class=\"elementor-post elementor-grid-item post-933 post type-post status-publish format-standard has-post-thumbnail hentry category-nyheter\" role=\"listitem\">\n\t\t\t<div class=\"elementor-post__card\">\n\t\t\t\t<a class=\"elementor-post__thumbnail__link\" href=\"https:\/\/www.flexistore.no\/en\/nyheter\/deling\/\" tabindex=\"-1\"><div class=\"elementor-post__thumbnail\"><img loading=\"lazy\" decoding=\"async\" width=\"300\" height=\"160\" src=\"https:\/\/www.flexistore.no\/wp-content\/uploads\/2022\/03\/Enkel-deling-av-digitale-nokler-300x160.jpg\" class=\"attachment-medium size-medium wp-image-934\" alt=\"Easy key sharing\" srcset=\"https:\/\/www.flexistore.no\/wp-content\/uploads\/2022\/03\/Enkel-deling-av-digitale-nokler-300x160.jpg 300w, https:\/\/www.flexistore.no\/wp-content\/uploads\/2022\/03\/Enkel-deling-av-digitale-nokler-1024x546.jpg 1024w, https:\/\/www.flexistore.no\/wp-content\/uploads\/2022\/03\/Enkel-deling-av-digitale-nokler-768x409.jpg 768w, https:\/\/www.flexistore.no\/wp-content\/uploads\/2022\/03\/Enkel-deling-av-digitale-nokler-1536x818.jpg 1536w, https:\/\/www.flexistore.no\/wp-content\/uploads\/2022\/03\/Enkel-deling-av-digitale-nokler-2048x1091.jpg 2048w\" sizes=\"(max-width: 300px) 100vw, 300px\" \/><\/div><\/a>\n\t\t\t\t<div class=\"elementor-post__text\">\n\t\t\t\t<h3 class=\"elementor-post__title\">\n\t\t\t<a href=\"https:\/\/www.flexistore.no\/en\/nyheter\/deling\/\">\n\t\t\t\tEasy key sharing\t\t\t<\/a>\n\t\t<\/h3>\n\t\t\t\t<div class=\"elementor-post__excerpt\">\n\t\t\t<p>We make sharing, reuse and moving easier with shareable digital keys With Flexistore's digital keys you can easily share access to your storage unit \u200dAbout<\/p>\n\t\t<\/div>\n\t\t\n\t\t<a class=\"elementor-post__read-more\" href=\"https:\/\/www.flexistore.no\/en\/nyheter\/deling\/\" aria-label=\"Read more about Easy sharing of digital keys\" tabindex=\"-1\">\n\t\t\tread more\t\t<\/a>\n\n\t\t\t\t<\/div>\n\t\t\t\t\t<\/div>\n\t\t<\/article>\n\t\t\t\t<article class=\"elementor-post elementor-grid-item post-930 post type-post status-publish format-standard has-post-thumbnail hentry category-nyheter\" role=\"listitem\">\n\t\t\t<div class=\"elementor-post__card\">\n\t\t\t\t<a class=\"elementor-post__thumbnail__link\" href=\"https:\/\/www.flexistore.no\/en\/nyheter\/greenfriday\/\" tabindex=\"-1\"><div class=\"elementor-post__thumbnail\"><img loading=\"lazy\" decoding=\"async\" width=\"300\" height=\"200\" src=\"https:\/\/www.flexistore.no\/wp-content\/uploads\/2022\/03\/Et-gronnere-Black-Friday-tilbud-300x200.jpg\" class=\"attachment-medium size-medium wp-image-931\" alt=\"A greener Black Friday offer\" srcset=\"https:\/\/www.flexistore.no\/wp-content\/uploads\/2022\/03\/Et-gronnere-Black-Friday-tilbud-300x200.jpg 300w, https:\/\/www.flexistore.no\/wp-content\/uploads\/2022\/03\/Et-gronnere-Black-Friday-tilbud-1024x682.jpg 1024w, https:\/\/www.flexistore.no\/wp-content\/uploads\/2022\/03\/Et-gronnere-Black-Friday-tilbud-768x512.jpg 768w, https:\/\/www.flexistore.no\/wp-content\/uploads\/2022\/03\/Et-gronnere-Black-Friday-tilbud-1536x1023.jpg 1536w, https:\/\/www.flexistore.no\/wp-content\/uploads\/2022\/03\/Et-gronnere-Black-Friday-tilbud.jpg 1732w\" sizes=\"(max-width: 300px) 100vw, 300px\" \/><\/div><\/a>\n\t\t\t\t<div class=\"elementor-post__text\">\n\t\t\t\t<h3 class=\"elementor-post__title\">\n\t\t\t<a href=\"https:\/\/www.flexistore.no\/en\/nyheter\/greenfriday\/\">\n\t\t\t\tA greener Black Friday offer\t\t\t<\/a>\n\t\t<\/h3>\n\t\t\t\t<div class=\"elementor-post__excerpt\">\n\t\t\t<p>How about giving your stuff a new life, instead of buying new? A greener Black Friday offer \u200dWe are thinking about what<\/p>\n\t\t<\/div>\n\t\t\n\t\t<a class=\"elementor-post__read-more\" href=\"https:\/\/www.flexistore.no\/en\/nyheter\/greenfriday\/\" aria-label=\"Read more about A greener Black Friday offer\" tabindex=\"-1\">\n\t\t\tread more\t\t<\/a>\n\n\t\t\t\t<\/div>\n\t\t\t\t\t<\/div>\n\t\t<\/article>\n\t\t\t\t<article class=\"elementor-post elementor-grid-item post-985 post type-post status-publish format-standard has-post-thumbnail hentry category-nyheter\" role=\"listitem\">\n\t\t\t<div class=\"elementor-post__card\">\n\t\t\t\t<a class=\"elementor-post__thumbnail__link\" href=\"https:\/\/www.flexistore.no\/en\/nyheter\/webinar-lisenslosning\/\" tabindex=\"-1\"><div class=\"elementor-post__thumbnail\"><img loading=\"lazy\" decoding=\"async\" width=\"300\" height=\"200\" src=\"https:\/\/www.flexistore.no\/wp-content\/uploads\/2022\/03\/5ecf7a790d06db55fef95a28_leieinntekter.webinar.m-1-300x200.jpeg\" class=\"attachment-medium size-medium wp-image-986\" alt=\"\" srcset=\"https:\/\/www.flexistore.no\/wp-content\/uploads\/2022\/03\/5ecf7a790d06db55fef95a28_leieinntekter.webinar.m-1-300x200.jpeg 300w, https:\/\/www.flexistore.no\/wp-content\/uploads\/2022\/03\/5ecf7a790d06db55fef95a28_leieinntekter.webinar.m-1-1024x682.jpeg 1024w, https:\/\/www.flexistore.no\/wp-content\/uploads\/2022\/03\/5ecf7a790d06db55fef95a28_leieinntekter.webinar.m-1-768x512.jpeg 768w, https:\/\/www.flexistore.no\/wp-content\/uploads\/2022\/03\/5ecf7a790d06db55fef95a28_leieinntekter.webinar.m-1-1536x1023.jpeg 1536w, https:\/\/www.flexistore.no\/wp-content\/uploads\/2022\/03\/5ecf7a790d06db55fef95a28_leieinntekter.webinar.m-1.jpeg 1732w\" sizes=\"(max-width: 300px) 100vw, 300px\" \/><\/div><\/a>\n\t\t\t\t<div class=\"elementor-post__text\">\n\t\t\t\t<h3 class=\"elementor-post__title\">\n\t\t\t<a href=\"https:\/\/www.flexistore.no\/en\/nyheter\/webinar-lisenslosning\/\">\n\t\t\t\tWebinar on Flexistore License Solution\t\t\t<\/a>\n\t\t<\/h3>\n\t\t\t\t<div class=\"elementor-post__excerpt\">\n\t\t\t<p>Webinar on innovative license solution that can increase rental income with 50% Free webinar on innovative license solution \u200d We held a free webinar on Wednesday 17 June on license solution<\/p>\n\t\t<\/div>\n\t\t\n\t\t<a class=\"elementor-post__read-more\" href=\"https:\/\/www.flexistore.no\/en\/nyheter\/webinar-lisenslosning\/\" aria-label=\"Read more about Webinar about Flexistore Licensing Solution\" tabindex=\"-1\">\n\t\t\tread more\t\t<\/a>\n\n\t\t\t\t<\/div>\n\t\t\t\t\t<\/div>\n\t\t<\/article>\n\t\t\t\t<\/div>\n\t\t\n\t\t\t\t\t\t<\/div>\n\t\t\t\t<\/div>\n\t\t\t\t\t<\/div>\n\t\t<\/div>\n\t\t\t\t\t<\/div>\n\t\t<\/section>\n\t\t\t\t<section class=\"elementor-section elementor-top-section elementor-element elementor-element-f9ab3a4 elementor-section-boxed elementor-section-height-default elementor-section-height-default\" data-id=\"f9ab3a4\" data-element_type=\"section\" data-e-type=\"section\">\n\t\t\t\t\t\t<div class=\"elementor-container elementor-column-gap-default\">\n\t\t\t\t\t<div class=\"elementor-column elementor-col-66 elementor-top-column elementor-element elementor-element-32c51d5\" data-id=\"32c51d5\" data-element_type=\"column\" data-e-type=\"column\">\n\t\t\t<div class=\"elementor-widget-wrap elementor-element-populated\">\n\t\t\t\t\t\t<div class=\"elementor-element elementor-element-45e2451 elementor-widget elementor-widget-video\" data-id=\"45e2451\" data-element_type=\"widget\" data-e-type=\"widget\" data-settings=\"{&quot;video_type&quot;:&quot;hosted&quot;,&quot;autoplay&quot;:&quot;yes&quot;,&quot;play_on_mobile&quot;:&quot;yes&quot;,&quot;loop&quot;:&quot;yes&quot;}\" data-widget_type=\"video.default\">\n\t\t\t\t<div class=\"elementor-widget-container\">\n\t\t\t\t\t\t\t<div class=\"e-hosted-video elementor-wrapper elementor-open-inline\">\n\t\t\t\t\t<video class=\"elementor-video\" src=\"http:\/\/www.flexistore.no\/wp-content\/uploads\/2022\/02\/Flexistore_short4_transport-1.mp4\" autoplay=\"\" loop=\"\" playsinline=\"\" controlslist=\"nodownload\"><\/video>\n\t\t\t\t<\/div>\n\t\t\t\t\t\t<\/div>\n\t\t\t\t<\/div>\n\t\t\t\t\t<\/div>\n\t\t<\/div>\n\t\t\t\t<div class=\"elementor-column elementor-col-33 elementor-top-column elementor-element elementor-element-4be6fc7\" data-id=\"4be6fc7\" data-element_type=\"column\" data-e-type=\"column\">\n\t\t\t<div class=\"elementor-widget-wrap elementor-element-populated\">\n\t\t\t\t\t\t<div class=\"elementor-element elementor-element-7295a4f elementor-widget elementor-widget-heading\" data-id=\"7295a4f\" data-element_type=\"widget\" data-e-type=\"widget\" data-widget_type=\"heading.default\">\n\t\t\t\t<div class=\"elementor-widget-container\">\n\t\t\t\t\t<h2 class=\"elementor-heading-title elementor-size-default\">About flexistore self storage<\/h2>\t\t\t\t<\/div>\n\t\t\t\t<\/div>\n\t\t\t\t<div class=\"elementor-element elementor-element-4ae07ce elementor-widget elementor-widget-text-editor\" data-id=\"4ae07ce\" data-element_type=\"widget\" data-e-type=\"widget\" data-widget_type=\"text-editor.default\">\n\t\t\t\t<div class=\"elementor-widget-container\">\n\t\t\t\t\t\t\t\t\t<p>We offer Norway's first app-controlled self storage - where you have keys to the storage unit, a full overview of what you have stored and access to climate control and support.<\/p><p>Choose size, reserve and pay for your storage unit. With digital keys in the app, you get immediate access to the self storage which you can share with friends or family. You can also order transport to and from the storage facility.<\/p>\t\t\t\t\t\t\t\t<\/div>\n\t\t\t\t<\/div>\n\t\t\t\t<div class=\"elementor-element elementor-element-012f647 elementor-mobile-align-justify elementor-tablet-align-center elementor-align-center elementor-invisible elementor-widget elementor-widget-button\" data-id=\"012f647\" data-element_type=\"widget\" data-e-type=\"widget\" data-settings=\"{&quot;_animation&quot;:&quot;fadeInUp&quot;}\" data-widget_type=\"button.default\">\n\t\t\t\t<div class=\"elementor-widget-container\">\n\t\t\t\t\t\t\t\t\t<div class=\"elementor-button-wrapper\">\n\t\t\t\t\t<a class=\"elementor-button elementor-button-link elementor-size-lg\" href=\"https:\/\/www.flexistore.no\/en\/minilager\/\">\n\t\t\t\t\t\t<span class=\"elementor-button-content-wrapper\">\n\t\t\t\t\t\t\t\t\t<span class=\"elementor-button-text\">READ MORE<\/span>\n\t\t\t\t\t<\/span>\n\t\t\t\t\t<\/a>\n\t\t\t\t<\/div>\n\t\t\t\t\t\t\t\t<\/div>\n\t\t\t\t<\/div>\n\t\t\t\t\t<\/div>\n\t\t<\/div>\n\t\t\t\t\t<\/div>\n\t\t<\/section>\n\t\t\t\t<\/div>","protected":false},"excerpt":{"rendered":"<p>F\u00f8lg med her for nyheter om Norges mest moderne minilager | Flexistore http:\/\/www.flexistore.no\/wp-content\/uploads\/2022\/02\/Flexistore_short4_transport-1.mp4 Om flexistore minilager Vi tilbyr Norges f\u00f8rste appstyrte minilager &#8211; hvor du har n\u00f8kler til boden, full oversikt over hva du har oppbevart og tilgang p\u00e5 klimakontroll og support. Velg st\u00f8rrelse, reservere og betale for boden din. Med digitale n\u00f8kler i appen [&hellip;]<\/p>\n","protected":false},"author":8,"featured_media":0,"parent":0,"menu_order":0,"comment_status":"closed","ping_status":"closed","template":"","meta":{"_acf_changed":false,"footnotes":""},"class_list":["post-609","page","type-page","status-publish","hentry"],"acf":{"facility_id":null},"_links":{"self":[{"href":"https:\/\/www.flexistore.no\/en\/wp-json\/wp\/v2\/pages\/609","targetHints":{"allow":["GET"]}}],"collection":[{"href":"https:\/\/www.flexistore.no\/en\/wp-json\/wp\/v2\/pages"}],"about":[{"href":"https:\/\/www.flexistore.no\/en\/wp-json\/wp\/v2\/types\/page"}],"author":[{"embeddable":true,"href":"https:\/\/www.flexistore.no\/en\/wp-json\/wp\/v2\/users\/8"}],"replies":[{"embeddable":true,"href":"https:\/\/www.flexistore.no\/en\/wp-json\/wp\/v2\/comments?post=609"}],"version-history":[{"count":8,"href":"https:\/\/www.flexistore.no\/en\/wp-json\/wp\/v2\/pages\/609\/revisions"}],"predecessor-version":[{"id":5025,"href":"https:\/\/www.flexistore.no\/en\/wp-json\/wp\/v2\/pages\/609\/revisions\/5025"}],"wp:attachment":[{"href":"https:\/\/www.flexistore.no\/en\/wp-json\/wp\/v2\/media?parent=609"}],"curies":[{"name":"wp","href":"https:\/\/api.w.org\/{rel}","templated":true}]}}